{"id":1023,"date":"2015-10-21T16:54:55","date_gmt":"2015-10-21T14:54:55","guid":{"rendered":"https:\/\/ugis.it\/cms\/?page_id=1023"},"modified":"2024-05-22T10:49:37","modified_gmt":"2024-05-22T08:49:37","slug":"diari-di-viaggio","status":"publish","type":"page","link":"https:\/\/ugis.it\/cms\/diari-di-viaggio\/","title":{"rendered":"Diari di viaggio"},"content":{"rendered":"<h2>2024<\/h2>\n<p>9 e 10 maggio, press tour dei soci UGIS ai luoghi galileiani<br \/>\n<strong><a href=\"https:\/\/ugis.it\/cms\/firenze-galileo-e-la-storia-della-scienza\/\" target=\"_blank\" rel=\"noopener\">Firenze, Galileo e la storia della scienza<\/a><\/strong><br \/>\ndi Emiliano Ricci<\/p>\n<p>9 febbraio, corso e visita al Museo della Scienza<br \/>\n<strong><a href=\"https:\/\/www.innovazioneimpreseitalia.com\/2024\/02\/12\/al-muse-di-trento-mostre-per-appassionati-di-fisica-e-antropologia-e-seminari-per-giornalisti\/\" target=\"_blank\" rel=\"noopener\">Al MUSE di Trento mostre per appassionati di fisica e antropologia e seminari per giornalisti<\/a><\/strong><br \/>\ndi Lorenza Ceccarini<\/p>\n<p>&nbsp;<\/p>\n<h2>2019<\/h2>\n<p>Castel Gandolfo (RM), 5 febbraio 2019: Visita alla Specola Vaticana<br \/>\n<strong><a href=\"https:\/\/ugis.it\/cms\/wp-content\/uploads\/2019\/10\/le-stelle-di-dio.pdf\">Le stelle di Dio<\/a><\/strong><br \/>\ndi Chiara Palmerini<br \/>\n(Focus Storia, agosto 2019)<\/p>\n<p>Valencia (Spagna), 4-7 settembre 2019: European Pain Federation Congress<br \/>\n<strong><a href=\"http:\/\/www.eusja.org\/efic-2019-networking-for-fighting-pain\/\">EFIC 2019 : networking for fighting pain<\/a><\/strong><br \/>\ndi Cinzia Boschiero<\/p>\n<p>Novara, 17 aprile 2019: Visita alla Novamont<br \/>\n<strong><a href=\"http:\/\/www.il-galileo.eu\/n77\/Pia.html\">La ricerca sulla plastica affinch\u00e9 sia totalmente biodegradabile \u00e8 una priorit\u00e0: un sacchetto o un contenitore che va direttamente nel compostabile<\/a><\/strong><br \/>\ndi Pia Bassi<\/p>\n<p>Bologna, 10 giugno 2019: Visita al Centro di ricerca sul cancro \u201cCesare Maltoni\u201d di Bentivoglio<br \/>\n<strong><a href=\"https:\/\/ugis.it\/cms\/wp-content\/uploads\/2019\/06\/Ramazzini.pdf\">L\u2019Istituto Ramazzini<\/a><\/strong><br \/>\ndi Valeria Fieramonte<\/p>\n<p>Novara, 17 aprile 2019: Visita alla Novamont<br \/>\n<strong><a href=\"https:\/\/ugis.it\/cms\/wp-content\/uploads\/2019\/06\/Catia-Bastioli.pdf\">La bioeconomia secondo Catia Bastioli, amministratore delegato di Novamont<\/a><\/strong><br \/>\ndi Valeria Fieramonte<\/p>\n<p>Novara, 17 aprile 2019: Visita alla Novamont<br \/>\n<strong><a href=\"http:\/\/www.il-galileo.eu\/n77\/Giuditta.html\">Bioplastiche e biochemicals. La chimica per la bioeconomia<\/a><\/strong><br \/>\ndi Giuditta Bricchi<\/p>\n<p>Novara, 17 aprile 2019: Visita alla Novamont<br \/>\n<strong><a href=\"http:\/\/www.giornalistinews.it\/717\/a-novara-tra-le-bioplastiche\">A Novara tra le bioplastiche<\/a><\/strong><br \/>\ndi Stefano Gruppuso<\/p>\n<p>Castel Gandolfo (RM), 5 febbraio 2019: Visita alla Specola Vaticana<br \/>\n<strong><a href=\"http:\/\/www.il-galileo.eu\/n75\/Bricchi.html\">La Specola Vaticana \u2013 Dal passato al futuro &#8211; In Italia e in Arizona<\/a><\/strong><br \/>\ndi Giuditta Bricchi<\/p>\n<p>&nbsp;<\/p>\n<h2><\/h2>\n<h2>2018<\/h2>\n<p class=\"x_MsoNormal\">Amburgo (Germania), 19-21 giugno: Visita presso i centri di ricerca European XFEL e DESY<br \/>\n<strong><a href=\"https:\/\/cosmosmagazine.com\/physics\/interview-seeing-the-very-bright-light-in-hamburg\">Interview: Seeing the (very bright) light in Hamburg<\/a><\/strong><br \/>\ndi Gabriella Bernardi<\/p>\n<p class=\"x_MsoNormal\">Amburgo (Germania), 19-21 giugno: Visita presso i centri di ricerca European XFEL e DESY<br \/>\n<strong><a href=\"https:\/\/cosmosmagazine.com\/physics\/german-science-facility-is-very-flash\">German science facility is very flash<\/a><\/strong><br \/>\ndi Gabriella Bernardi<\/p>\n<p class=\"x_MsoNormal\">Travagliato (BS), 10 aprile: Visita presso Antares Vision<br \/>\n<strong><a href=\"http:\/\/www.il-galileo.eu\/n69\/Bricchi.html\">Direttiva europea 2011\/62\/UE &#8211; Obbligatoria entro il 2019 la tracciabilit\u00e0 dei farmaci &#8211; Lotta alla contraffazione<\/a><\/strong><br \/>\ndi Giuditta Bricchi<\/p>\n<p class=\"x_MsoNormal\">Pisa, 6 aprile 2018: 1918-2018: il legame con Pisa e l\u2019attualit\u00e0 del Nobel Marie Curie un secolo dopo Pisa<br \/>\n<strong><a href=\"https:\/\/ugis.it\/cms\/wp-content\/uploads\/2018\/04\/maria-curie-in-viaggio.pdf\">1918: Maria Curie in Italia per un viaggio importante e poco conosciuto<\/a><\/strong><br \/>\ndi Valeria Fieramonte<\/p>\n<p class=\"x_MsoNormal\">Lund (Svezia), 3-5 aprile 2018: European Spallation Source (ESS) Study Trip<br \/>\n<strong><a href=\"https:\/\/cosmosmagazine.com\/physics\/in-sweden-big-money-and-big-science-combine-to-produce-tiny-particles\">In Sweden, big money and big science combine to produce tiny particles<\/a><\/strong><br \/>\ndi Gabriella Bernardi<\/p>\n<p class=\"x_MsoNormal\">Cameri (NO), 12 marzo 2018: visita dell\u2019UGIS agli stabilimenti degli F-35<br \/>\n<strong><a href=\"https:\/\/www.ilmessaggero.it\/tecnologia\/scienza\/f35_l_italia_partner_d_eccellenza_con_gli_usa-3604483.html\">F-35: ali e parte della fusoliera si costruiscono in Italia. A Cameri il superjet di quinta generazione<\/a><\/strong><br \/>\ndi Enzo Vitale<\/p>\n<p class=\"x_MsoNormal\">Cameri (NO), 12 marzo 2018: visita dell\u2019UGIS agli stabilimenti degli F-35<br \/>\n<strong><a href=\"http:\/\/www.il-galileo.eu\/n68\/industria___aerospaziale__ed__al.html\">Industria aerospaziale ad alta tecnologia. Gli F-35 di Cameri<\/a><\/strong><br \/>\ndi Giuditta Bricchi<\/p>\n<p class=\"x_MsoNormal\">Cameri (NO), 12 marzo 2018: visita dell\u2019UGIS agli stabilimenti degli F-35<br \/>\n<a href=\"https:\/\/ugis.it\/cms\/wp-content\/uploads\/2018\/05\/FVR-Aviation_NELLA-TANA-DEL-LIGHTNING-II_di-Giancarlo-Rioflo.pdf\"><strong>Nella tana del Lightning II<\/strong><\/a><br \/>\ndi Giancarlo Riolfo<\/p>\n<p class=\"x_MsoNormal\">Cameri (NO), 12 marzo 2018: visita dell\u2019UGIS agli stabilimenti degli F-35<br \/>\n<strong><a href=\"http:\/\/www.affaritaliani.it\/rubriche\/pillole_europa\/tutela-dei-pensionati-in-europa-innovazione-in-aeronautica-wifi4europe-e-533111.html\">Innovazione in aeronautica<\/a><\/strong><br \/>\ndi Cinzia Boschiero<\/p>\n<p>Firenze, 15 febbraio 2018, Convegno &#8220;Amianto: la nuova tecnologia per renderlo innocuo&#8221;<br \/>\n<strong><a href=\"https:\/\/ugis.it\/cms\/wp-content\/uploads\/2018\/02\/Amianto.pdf\">Amianto, nuove tecnologie per renderlo innocuo<\/a><\/strong><br \/>\ndi Valeria Fieramonte<\/p>\n<p>&nbsp;<\/p>\n<h2>2017<\/h2>\n<p>Gastein, 4\/6 ottobre 2017, Forum Europeo della Salute<br \/>\n<strong><a href=\"http:\/\/www.lastampa.it\/2017\/10\/11\/scienza\/benessere\/obesit-porzioni-eccessive-e-cibi-ultraprocessati-fanno-aumentare-i-casi-lsMWYb01Awv2bStSrHmnhJ\/pagina.html\">Obesit\u00e0, porzioni eccessive e cibi ultraprocessati fanno aumentare i casi<\/a><\/strong><br \/>\ndi Nicla Panciera<\/p>\n<p>Maranello, 19 settembre 2017: visita dei giornalisti scientifici dell\u2019UGIS alla Ferrari<br \/>\n<strong><a href=\"https:\/\/ugis.it\/cms\/wp-content\/uploads\/2015\/10\/Fabbrica-Ferrari.pdf\">Un profano a Maranello<\/a><\/strong><br \/>\ndi Giuditta Bricchi<\/p>\n<p>Copenhagen (Olanda), 6\/9 settembre 2017: congress in the EFIC 2017 \u201cPain in Europe\u201d<br \/>\n<strong><a href=\"http:\/\/www.affaritaliani.it\/rubriche\/pillole_europa\/lotta-al-terrorismo-salute-ed-internet-europa-c-e-499949.html\">Lotta al terrorismo, salute ed internet&#8230; l&#8217;Europa c&#8217;\u00e9<\/a><\/strong><br \/>\ndi Cinzia Boschiero<\/p>\n<p>Palermo, 15\/16 giugno 2017:\u00a0visita dei giornalisti scientifici dell\u2019UGIS all&#8217;inaugurazione di ISMETT<br \/>\n<a href=\"https:\/\/ugis.it\/cms\/wp-content\/uploads\/2015\/10\/Articolo_prevenzioneoggi.pdf\"><strong>A palermo c\u2019\u00e8 un istituto italo-statunitense che opera nel campo sanitario e in particolare dei trapianti che fa onore alla sicilia e all\u2019italia tutta<\/strong><\/a><br \/>\ndi Leonio Callioni<\/p>\n<p>Palermo, 15\/16 giugno 2017:\u00a0visita dei giornalisti scientifici dell\u2019UGIS all&#8217;inaugurazione di ISMETT<br \/>\n<a href=\"https:\/\/www.giornalistinews.it\/601\/a-palermo-un-centro-trapianti-di-livello-internazionale\"><strong>A Palermo un centro trapianti di livello internazionale<\/strong><\/a><br \/>\ndi Stefano Gruppuso<\/p>\n<p>Palermo, 15\/16 giugno 2017:\u00a0visita dei giornalisti scientifici dell\u2019UGIS all&#8217;inaugurazione di ISMETT<br \/>\n<a href=\"https:\/\/www.donnecultura.eu\/?p=46124\"><strong>ISMETT IRCCS festeggia e amplia<\/strong><\/a><br \/>\ndi Grazia Seregni<\/p>\n<p>Palermo, 15\/16 giugno 2017:\u00a0visita dei giornalisti scientifici dell\u2019UGIS all&#8217;inaugurazione di ISMETT<br \/>\n<a href=\"https:\/\/www.donnecultura.eu\/?p=46184\"><strong>Salute &#8211; Eccellenza italiana in Sicilia i trapianti<\/strong><\/a><br \/>\ndi Grazia Seregni<\/p>\n<p>Palermo, 15\/16 giugno 2017:\u00a0visita dei giornalisti scientifici dell\u2019UGIS all&#8217;inaugurazione di ISMETT<br \/>\n<a href=\"https:\/\/www.lastampa.it\/2017\/05\/16\/scienza\/benessere\/trapianti-uneccellenza-nel-cuore-del-mediterraneo-GXwxDSoZP4hnPBopoD7NoN\/pagina.html\"><strong>Trapianti, un\u2019eccellenza nel cuore del Mediterraneo<\/strong><\/a><br \/>\ndi Nicla Panciera<\/p>\n<p>Palermo, 15\/16 giugno 2017:\u00a0visita dei giornalisti scientifici dell\u2019UGIS all&#8217;inaugurazione di ISMETT<br \/>\n<a href=\"http:\/\/www.aido.it\/news\/sicilia-all-avanguardia-con-ismett-aido3428\"><strong>Siciclia all&#8217;avanguardia con ISMETT. Un centro che il mondo ci invidia<\/strong><\/a><br \/>\ndi Leonio Callioni<\/p>\n<p>Palermo, 15\/16 giugno 2017:\u00a0visita dei giornalisti scientifici dell\u2019UGIS all&#8217;inaugurazione di ISMETT<br \/>\n<strong><a href=\"https:\/\/ugis.it\/cms\/wp-content\/uploads\/2015\/10\/ISMETT.pdf\">ISMETT IRCCS festeggia i primi vent\u2019anni con l\u2019ampliamento della struttura<\/a><\/strong><br \/>\ndi Cinzia Boschiero<\/p>\n<p>Agrate Brianza (MI), 25 marzo 2017: visita dei giornalisti scientifici dell\u2019UGIS ai laboratori di STMicroelectronics<br \/>\n<strong><a href=\"https:\/\/www.il-galileo.eu\/n56\/bricchi.html\">Tecnologie per ottenere di pi\u00f9 dalla vita<\/a><\/strong><br \/>\ndi Giuditta Bricchi<\/p>\n<h2><\/h2>\n<p>&nbsp;<\/p>\n<h2>2016<\/h2>\n<p>Bad Hofgastein (Austria), 28-30 settembre 2016: Gastein Forum<br \/>\n<a href=\"https:\/\/www.lastampa.it\/2016\/09\/30\/scienza\/benessere\/salute-e-migranti-le-nuove-sfide-per-la-medicina-gyW61Do82fTYCtebv3kAZI\/pagina.html\"><strong>Salute e migranti: le nuove sfide per la medicina<\/strong><\/a><br \/>\ndi Nicla Panciera<\/p>\n<p>&nbsp;<\/p>\n<h2>2015<\/h2>\n<p>Meldola (FC), 1-2 ottobre 2015: visita delegazione UGIS presso l&#8217;IRST<\/p>\n<ul>\n<li><strong><a href=\"https:\/\/astrocometal.blogspot.it\/2015\/10\/irstdi-meldola-dove-le-cure-sono.html\">#IRST di #Meldola dove le cure sono personalizzate<\/a><\/strong><br \/>\ndi Gabriella Bernardi<\/li>\n<li><strong><a href=\"https:\/\/www.il-galileo.eu\/n41\/bricchi.html\">Rete oncologica della Romagna: Ricerche e Cure Innovative all\u2019IRST di Meldola (FC)<\/a><\/strong><br \/>\ndi Giuditta Bricchi<\/li>\n<li><strong><a href=\"https:\/\/www.universitadelledonne.it\/Vale-tumori.html\">Un vaccino sar\u00e0 efficace contro i tumori?<\/a><\/strong><br \/>\nValeria Fieramonte<\/li>\n<li><strong><a href=\"https:\/\/www.donnecultura.eu\/?p=25398\">Salute cure oncologiche di eccellenza; come si cura il tumore con le nuove medicine<\/a><\/strong><br \/>\ndi Grazia Seregni<\/li>\n<\/ul>\n<p>Vienna (Austria), 25 settembre 2015: IX Congress of European Pain Federation<br \/>\n<strong><a href=\"https:\/\/ugis.it\/cms\/ix-congresso-della-federazione-europea-per-il-trattamento-del-dolore-efic\/\">IX Congresso della Federazione Europea per il trattamento del dolore (EFIC)<\/a><\/strong><br \/>\ndi Bartolomeo Buscema<\/p>\n<p>Seoul (Korea), 8-12 giugno 2015: World Conference of Science Journalists<br \/>\n<strong><a href=\"https:\/\/ugis.it\/cms\/estonia-08-12-giugno-2015\/\">WCSJ2015: il giornalismo nell\u2019era digitale<\/a><\/strong><br \/>\ndi Maria Cristina Valsecchi<\/p>\n<p>Estonia, 19-23 maggio 2015: Study trip on biodiversity<br \/>\n<strong><a href=\"https:\/\/www.galileonet.it\/2015\/06\/la-biodiversita-oscura-2\/\">La biodiversit\u00e0 oscura<\/a><\/strong><br \/>\ndi Viviana Lupi<\/p>\n<p>Svizzera, 19-22 aprile 2015: incontri su scienza, tecnologia e formazione<br \/>\n<strong><a href=\"https:\/\/ugis.it\/cms\/wp-content\/uploads\/2015\/10\/Sartini_Cyberwood_IlVenerd\u00ec.jpg\">Dopo il Touchscreen arriver\u00e0 Touchless, che \u201csente\u201d il calore. Due italiani tra i creatori del biomateriale Cyberwood che reagisce all\u2019avvicinarsi delle dita<\/a>\u00a0<\/strong>(Il Venerd\u00ec di Repubblica, 12 giugno 2015)<br \/>\ndi Renato Sartini<\/p>\n<p>&nbsp;<\/p>\n","protected":false},"excerpt":{"rendered":"<p>2024 9 e 10 maggio, press tour dei soci UGIS ai luoghi galileiani Firenze, Galileo e la storia della scienza di Emiliano Ricci 9 febbraio, corso e visita al Museo della Scienza Al MUSE di Trento mostre per appassionati di fisica e antropologia e seminari per giornalisti di Lorenza Ceccarini &nbsp; 2019 Castel Gandolfo (RM), [&hellip;]<\/p>\n","protected":false},"author":6,"featured_media":0,"parent":0,"menu_order":0,"comment_status":"closed","ping_status":"closed","template":"","meta":{"_et_pb_use_builder":"","_et_pb_old_content":"","_et_gb_content_width":"","footnotes":""},"class_list":["post-1023","page","type-page","status-publish","hentry"],"yoast_head":"<!-- This site is optimized with the Yoast SEO plugin v27.4 - https:\/\/yoast.com\/product\/yoast-seo-wordpress\/ -->\n<title>Diari di viaggio - UGIS<\/title>\n<meta name=\"robots\" content=\"index, follow, max-snippet:-1, max-image-preview:large, max-video-preview:-1\" \/>\n<link rel=\"canonical\" href=\"https:\/\/ugis.it\/cms\/diari-di-viaggio\/\" \/>\n<meta property=\"og:locale\" content=\"it_IT\" \/>\n<meta property=\"og:type\" content=\"article\" \/>\n<meta property=\"og:title\" content=\"Diari di viaggio - UGIS\" \/>\n<meta property=\"og:description\" content=\"2024 9 e 10 maggio, press tour dei soci UGIS ai luoghi galileiani Firenze, Galileo e la storia della scienza di Emiliano Ricci 9 febbraio, corso e visita al Museo della Scienza Al MUSE di Trento mostre per appassionati di fisica e antropologia e seminari per giornalisti di Lorenza Ceccarini &nbsp; 2019 Castel Gandolfo (RM), [&hellip;]\" \/>\n<meta property=\"og:url\" content=\"https:\/\/ugis.it\/cms\/diari-di-viaggio\/\" \/>\n<meta property=\"og:site_name\" content=\"UGIS\" \/>\n<meta property=\"article:modified_time\" content=\"2024-05-22T08:49:37+00:00\" \/>\n<meta name=\"twitter:card\" content=\"summary_large_image\" \/>\n<meta name=\"twitter:label1\" content=\"Tempo di lettura stimato\" \/>\n\t<meta name=\"twitter:data1\" content=\"5 minuti\" \/>\n<script type=\"application\/ld+json\" class=\"yoast-schema-graph\">{\"@context\":\"https:\\\/\\\/schema.org\",\"@graph\":[{\"@type\":\"WebPage\",\"@id\":\"https:\\\/\\\/ugis.it\\\/cms\\\/diari-di-viaggio\\\/\",\"url\":\"https:\\\/\\\/ugis.it\\\/cms\\\/diari-di-viaggio\\\/\",\"name\":\"Diari di viaggio - UGIS\",\"isPartOf\":{\"@id\":\"https:\\\/\\\/ugis.it\\\/cms\\\/#website\"},\"datePublished\":\"2015-10-21T14:54:55+00:00\",\"dateModified\":\"2024-05-22T08:49:37+00:00\",\"breadcrumb\":{\"@id\":\"https:\\\/\\\/ugis.it\\\/cms\\\/diari-di-viaggio\\\/#breadcrumb\"},\"inLanguage\":\"it-IT\",\"potentialAction\":[{\"@type\":\"ReadAction\",\"target\":[\"https:\\\/\\\/ugis.it\\\/cms\\\/diari-di-viaggio\\\/\"]}]},{\"@type\":\"BreadcrumbList\",\"@id\":\"https:\\\/\\\/ugis.it\\\/cms\\\/diari-di-viaggio\\\/#breadcrumb\",\"itemListElement\":[{\"@type\":\"ListItem\",\"position\":1,\"name\":\"Home\",\"item\":\"https:\\\/\\\/ugis.it\\\/cms\\\/\"},{\"@type\":\"ListItem\",\"position\":2,\"name\":\"Diari di viaggio\"}]},{\"@type\":\"WebSite\",\"@id\":\"https:\\\/\\\/ugis.it\\\/cms\\\/#website\",\"url\":\"https:\\\/\\\/ugis.it\\\/cms\\\/\",\"name\":\"UGIS\",\"description\":\"Unione Giornalisti Italiani Scientifici\",\"publisher\":{\"@id\":\"https:\\\/\\\/ugis.it\\\/cms\\\/#organization\"},\"potentialAction\":[{\"@type\":\"SearchAction\",\"target\":{\"@type\":\"EntryPoint\",\"urlTemplate\":\"https:\\\/\\\/ugis.it\\\/cms\\\/?s={search_term_string}\"},\"query-input\":{\"@type\":\"PropertyValueSpecification\",\"valueRequired\":true,\"valueName\":\"search_term_string\"}}],\"inLanguage\":\"it-IT\"},{\"@type\":\"Organization\",\"@id\":\"https:\\\/\\\/ugis.it\\\/cms\\\/#organization\",\"name\":\"UGIS\",\"url\":\"https:\\\/\\\/ugis.it\\\/cms\\\/\",\"logo\":{\"@type\":\"ImageObject\",\"inLanguage\":\"it-IT\",\"@id\":\"https:\\\/\\\/ugis.it\\\/cms\\\/#\\\/schema\\\/logo\\\/image\\\/\",\"url\":\"https:\\\/\\\/ugis.it\\\/cms\\\/wp-content\\\/uploads\\\/2015\\\/04\\\/logo-UGIS_colori.jpg\",\"contentUrl\":\"https:\\\/\\\/ugis.it\\\/cms\\\/wp-content\\\/uploads\\\/2015\\\/04\\\/logo-UGIS_colori.jpg\",\"width\":198,\"height\":91,\"caption\":\"UGIS\"},\"image\":{\"@id\":\"https:\\\/\\\/ugis.it\\\/cms\\\/#\\\/schema\\\/logo\\\/image\\\/\"}}]}<\/script>\n<!-- \/ Yoast SEO plugin. -->","yoast_head_json":{"title":"Diari di viaggio - UGIS","robots":{"index":"index","follow":"follow","max-snippet":"max-snippet:-1","max-image-preview":"max-image-preview:large","max-video-preview":"max-video-preview:-1"},"canonical":"https:\/\/ugis.it\/cms\/diari-di-viaggio\/","og_locale":"it_IT","og_type":"article","og_title":"Diari di viaggio - UGIS","og_description":"2024 9 e 10 maggio, press tour dei soci UGIS ai luoghi galileiani Firenze, Galileo e la storia della scienza di Emiliano Ricci 9 febbraio, corso e visita al Museo della Scienza Al MUSE di Trento mostre per appassionati di fisica e antropologia e seminari per giornalisti di Lorenza Ceccarini &nbsp; 2019 Castel Gandolfo (RM), [&hellip;]","og_url":"https:\/\/ugis.it\/cms\/diari-di-viaggio\/","og_site_name":"UGIS","article_modified_time":"2024-05-22T08:49:37+00:00","twitter_card":"summary_large_image","twitter_misc":{"Tempo di lettura stimato":"5 minuti"},"schema":{"@context":"https:\/\/schema.org","@graph":[{"@type":"WebPage","@id":"https:\/\/ugis.it\/cms\/diari-di-viaggio\/","url":"https:\/\/ugis.it\/cms\/diari-di-viaggio\/","name":"Diari di viaggio - UGIS","isPartOf":{"@id":"https:\/\/ugis.it\/cms\/#website"},"datePublished":"2015-10-21T14:54:55+00:00","dateModified":"2024-05-22T08:49:37+00:00","breadcrumb":{"@id":"https:\/\/ugis.it\/cms\/diari-di-viaggio\/#breadcrumb"},"inLanguage":"it-IT","potentialAction":[{"@type":"ReadAction","target":["https:\/\/ugis.it\/cms\/diari-di-viaggio\/"]}]},{"@type":"BreadcrumbList","@id":"https:\/\/ugis.it\/cms\/diari-di-viaggio\/#breadcrumb","itemListElement":[{"@type":"ListItem","position":1,"name":"Home","item":"https:\/\/ugis.it\/cms\/"},{"@type":"ListItem","position":2,"name":"Diari di viaggio"}]},{"@type":"WebSite","@id":"https:\/\/ugis.it\/cms\/#website","url":"https:\/\/ugis.it\/cms\/","name":"UGIS","description":"Unione Giornalisti Italiani Scientifici","publisher":{"@id":"https:\/\/ugis.it\/cms\/#organization"},"potentialAction":[{"@type":"SearchAction","target":{"@type":"EntryPoint","urlTemplate":"https:\/\/ugis.it\/cms\/?s={search_term_string}"},"query-input":{"@type":"PropertyValueSpecification","valueRequired":true,"valueName":"search_term_string"}}],"inLanguage":"it-IT"},{"@type":"Organization","@id":"https:\/\/ugis.it\/cms\/#organization","name":"UGIS","url":"https:\/\/ugis.it\/cms\/","logo":{"@type":"ImageObject","inLanguage":"it-IT","@id":"https:\/\/ugis.it\/cms\/#\/schema\/logo\/image\/","url":"https:\/\/ugis.it\/cms\/wp-content\/uploads\/2015\/04\/logo-UGIS_colori.jpg","contentUrl":"https:\/\/ugis.it\/cms\/wp-content\/uploads\/2015\/04\/logo-UGIS_colori.jpg","width":198,"height":91,"caption":"UGIS"},"image":{"@id":"https:\/\/ugis.it\/cms\/#\/schema\/logo\/image\/"}}]}},"_links":{"self":[{"href":"https:\/\/ugis.it\/cms\/wp-json\/wp\/v2\/pages\/1023","targetHints":{"allow":["GET"]}}],"collection":[{"href":"https:\/\/ugis.it\/cms\/wp-json\/wp\/v2\/pages"}],"about":[{"href":"https:\/\/ugis.it\/cms\/wp-json\/wp\/v2\/types\/page"}],"author":[{"embeddable":true,"href":"https:\/\/ugis.it\/cms\/wp-json\/wp\/v2\/users\/6"}],"replies":[{"embeddable":true,"href":"https:\/\/ugis.it\/cms\/wp-json\/wp\/v2\/comments?post=1023"}],"version-history":[{"count":2,"href":"https:\/\/ugis.it\/cms\/wp-json\/wp\/v2\/pages\/1023\/revisions"}],"predecessor-version":[{"id":1580563,"href":"https:\/\/ugis.it\/cms\/wp-json\/wp\/v2\/pages\/1023\/revisions\/1580563"}],"wp:attachment":[{"href":"https:\/\/ugis.it\/cms\/wp-json\/wp\/v2\/media?parent=1023"}],"curies":[{"name":"wp","href":"https:\/\/api.w.org\/{rel}","templated":true}]}}